{"id":2699,"date":"2026-01-29T11:27:11","date_gmt":"2026-01-29T10:27:11","guid":{"rendered":"https:\/\/www.stothmarta.com\/hu\/?page_id=2699"},"modified":"2026-01-29T11:28:31","modified_gmt":"2026-01-29T10:28:31","slug":"gyakran-ismetelt-kerdesek-gyik","status":"publish","type":"page","link":"http:\/\/www.stothmarta.com\/hu\/gyakran-ismetelt-kerdesek-gyik\/","title":{"rendered":"Gyakran Ism\u00e9telt K\u00e9rd\u00e9sek (GYIK)"},"content":{"rendered":"[vc_row type=&#8221;in_container&#8221; full_screen_row_position=&#8221;middle&#8221; column_margin=&#8221;default&#8221; column_direction=&#8221;default&#8221; column_direction_tablet=&#8221;default&#8221; column_direction_phone=&#8221;default&#8221; scene_position=&#8221;center&#8221; text_color=&#8221;dark&#8221; text_align=&#8221;left&#8221; row_border_radius=&#8221;none&#8221; row_border_radius_applies=&#8221;bg&#8221; row_position_desktop=&#8221;default&#8221; row_position_tablet=&#8221;inherit&#8221; row_position_phone=&#8221;inherit&#8221; overflow=&#8221;visible&#8221; overlay_strength=&#8221;0.3&#8243; gradient_direction=&#8221;left_to_right&#8221; shape_divider_position=&#8221;bottom&#8221; bg_image_animation=&#8221;none&#8221;][vc_column column_padding=&#8221;no-extra-padding&#8221; column_padding_tablet=&#8221;inherit&#8221; column_padding_phone=&#8221;inherit&#8221; column_padding_position=&#8221;all&#8221; flex_gap_desktop=&#8221;10px&#8221; column_element_direction_desktop=&#8221;default&#8221; column_element_spacing=&#8221;default&#8221; desktop_text_alignment=&#8221;default&#8221; tablet_text_alignment=&#8221;default&#8221; phone_text_alignment=&#8221;default&#8221; background_color_opacity=&#8221;1&#8243; background_hover_color_opacity=&#8221;1&#8243; column_backdrop_filter=&#8221;none&#8221; column_shadow=&#8221;none&#8221; column_border_radius=&#8221;none&#8221; column_link_target=&#8221;_self&#8221; column_position=&#8221;default&#8221; gradient_direction=&#8221;left_to_right&#8221; overlay_strength=&#8221;0.3&#8243; width=&#8221;1\/1&#8243; tablet_width_inherit=&#8221;default&#8221; animation_type=&#8221;default&#8221; bg_image_animation=&#8221;none&#8221; border_type=&#8221;simple&#8221; column_border_width=&#8221;none&#8221; column_border_style=&#8221;solid&#8221;][vc_row_inner column_margin=&#8221;default&#8221; column_direction=&#8221;default&#8221; column_direction_tablet=&#8221;default&#8221; column_direction_phone=&#8221;default&#8221; text_align=&#8221;left&#8221; row_position=&#8221;default&#8221; row_position_tablet=&#8221;inherit&#8221; row_position_phone=&#8221;inherit&#8221; overflow=&#8221;visible&#8221; pointer_events=&#8221;all&#8221;][vc_column_inner column_padding=&#8221;no-extra-padding&#8221; column_padding_tablet=&#8221;inherit&#8221; column_padding_phone=&#8221;inherit&#8221; column_padding_position=&#8221;all&#8221; flex_gap_desktop=&#8221;10px&#8221; column_element_direction_desktop=&#8221;default&#8221; column_element_spacing=&#8221;default&#8221; desktop_text_alignment=&#8221;default&#8221; tablet_text_alignment=&#8221;default&#8221; phone_text_alignment=&#8221;default&#8221; background_color_opacity=&#8221;1&#8243; background_hover_color_opacity=&#8221;1&#8243; column_backdrop_filter=&#8221;none&#8221; column_shadow=&#8221;none&#8221; column_border_radius=&#8221;none&#8221; column_link_target=&#8221;_self&#8221; overflow=&#8221;visible&#8221; gradient_direction=&#8221;left_to_right&#8221; overlay_strength=&#8221;0.3&#8243; width=&#8221;1\/3&#8243; tablet_width_inherit=&#8221;default&#8221; animation_type=&#8221;default&#8221; bg_image_animation=&#8221;none&#8221; border_type=&#8221;simple&#8221; column_border_width=&#8221;none&#8221; column_border_style=&#8221;solid&#8221;][image_with_animation image_url=&#8221;2142&#8243; image_size=&#8221;medium_large&#8221; max_width=&#8221;100%&#8221; max_width_mobile=&#8221;default&#8221; animation_type=&#8221;entrance&#8221; animation=&#8221;None&#8221; animation_movement_type=&#8221;transform_y&#8221; hover_animation=&#8221;none&#8221; alignment=&#8221;&#8221; border_radius=&#8221;none&#8221; box_shadow=&#8221;none&#8221; image_loading=&#8221;default&#8221;][\/vc_column_inner][vc_column_inner column_padding=&#8221;no-extra-padding&#8221; column_padding_tablet=&#8221;inherit&#8221; column_padding_phone=&#8221;inherit&#8221; column_padding_position=&#8221;all&#8221; flex_gap_desktop=&#8221;10px&#8221; column_element_direction_desktop=&#8221;default&#8221; column_element_spacing=&#8221;default&#8221; desktop_text_alignment=&#8221;default&#8221; tablet_text_alignment=&#8221;default&#8221; phone_text_alignment=&#8221;default&#8221; background_color_opacity=&#8221;1&#8243; background_hover_color_opacity=&#8221;1&#8243; column_backdrop_filter=&#8221;none&#8221; column_shadow=&#8221;none&#8221; column_border_radius=&#8221;none&#8221; column_link_target=&#8221;_self&#8221; overflow=&#8221;visible&#8221; gradient_direction=&#8221;left_to_right&#8221; overlay_strength=&#8221;0.3&#8243; width=&#8221;2\/3&#8243; tablet_width_inherit=&#8221;default&#8221; animation_type=&#8221;default&#8221; bg_image_animation=&#8221;none&#8221; border_type=&#8221;simple&#8221; column_border_width=&#8221;none&#8221; column_border_style=&#8221;solid&#8221;][\/vc_column_inner][\/vc_row_inner][vc_column_text css=&#8221;&#8221; text_direction=&#8221;default&#8221;]\n<h2>Gyakran Ism\u00e9telt K\u00e9rd\u00e9sek (GYIK)<\/h2>\n[\/vc_column_text][\/vc_column][\/vc_row][vc_row type=&#8221;in_container&#8221; full_screen_row_position=&#8221;middle&#8221; column_margin=&#8221;default&#8221; column_direction=&#8221;default&#8221; column_direction_tablet=&#8221;default&#8221; column_direction_phone=&#8221;default&#8221; scene_position=&#8221;center&#8221; text_color=&#8221;dark&#8221; text_align=&#8221;left&#8221; row_border_radius=&#8221;none&#8221; row_border_radius_applies=&#8221;bg&#8221; row_position_desktop=&#8221;default&#8221; row_position_tablet=&#8221;inherit&#8221; row_position_phone=&#8221;inherit&#8221; overflow=&#8221;visible&#8221; overlay_strength=&#8221;0.3&#8243; gradient_direction=&#8221;left_to_right&#8221; shape_divider_position=&#8221;bottom&#8221; bg_image_animation=&#8221;none&#8221;][vc_column column_padding=&#8221;no-extra-padding&#8221; column_padding_tablet=&#8221;inherit&#8221; column_padding_phone=&#8221;inherit&#8221; column_padding_position=&#8221;all&#8221; flex_gap_desktop=&#8221;10px&#8221; column_element_direction_desktop=&#8221;default&#8221; column_element_spacing=&#8221;default&#8221; desktop_text_alignment=&#8221;default&#8221; tablet_text_alignment=&#8221;default&#8221; phone_text_alignment=&#8221;default&#8221; background_color_opacity=&#8221;1&#8243; background_hover_color_opacity=&#8221;1&#8243; column_backdrop_filter=&#8221;none&#8221; column_shadow=&#8221;none&#8221; column_border_radius=&#8221;none&#8221; column_link_target=&#8221;_self&#8221; column_position=&#8221;default&#8221; gradient_direction=&#8221;left_to_right&#8221; overlay_strength=&#8221;0.3&#8243; width=&#8221;1\/1&#8243; tablet_width_inherit=&#8221;default&#8221; animation_type=&#8221;default&#8221; bg_image_animation=&#8221;none&#8221; border_type=&#8221;simple&#8221; column_border_width=&#8221;none&#8221; column_border_style=&#8221;solid&#8221;][toggles style=&#8221;minimal_shadow&#8221; accordion=&#8221;true&#8221; accordion_starting_functionality=&#8221;default&#8221; border_radius=&#8221;15px&#8221;][toggle color=&#8221;Extra-Color-1&#8243; heading_tag=&#8221;h4&#8243; heading_tag_functionality=&#8221;default&#8221; title=&#8221;Ez ter\u00e1pia vagy pszichol\u00f3giai kezel\u00e9s?&#8221;][vc_column_text css=&#8221;&#8221; text_direction=&#8221;default&#8221;]Nem.<br \/>\nA velem val\u00f3 munka <strong>nem orvosi, nem klinikai \u00e9s nem pszichoter\u00e1pi\u00e1s tev\u00e9kenys\u00e9g<\/strong>.<\/p>\n<p>NLP- \u00e9s neuro-alap\u00fa, <strong>t\u00e1mogat\u00f3 \u00e9s fejleszt\u0151 szeml\u00e9let\u0171<\/strong> folyamatokr\u00f3l van sz\u00f3, amelyek a gondolkod\u00e1si, d\u00f6nt\u00e9si, \u00e9rzelmi \u00e9s viselked\u00e9si mint\u00e1k <strong>tudatos \u00e1talak\u00edt\u00e1s\u00e1t<\/strong> seg\u00edtik.<\/p>\n<p>Nem diagnosztiz\u00e1lok, nem kezelek ment\u00e1lis betegs\u00e9geket, \u00e9s nem helyettes\u00edtem az eg\u00e9szs\u00e9g\u00fcgyi ell\u00e1t\u00e1st.[\/vc_column_text][\/toggle][toggle color=&#8221;Extra-Color-1&#8243; heading_tag=&#8221;h4&#8243; heading_tag_functionality=&#8221;default&#8221; title=&#8221;Miben m\u00e1s ez, mint a klasszikus coaching?&#8221;][vc_column_text css=&#8221;&#8221; text_direction=&#8221;default&#8221;]A k\u00fcl\u00f6nbs\u00e9g a <strong>m\u00e9lys\u00e9gben \u00e9s a szeml\u00e9letben<\/strong> van.<\/p>\n<p>A munk\u00e1m:<\/p>\n<ul>\n<li>nem csak c\u00e9lokra f\u00f3kusz\u00e1l<\/li>\n<li>nem csak besz\u00e9lget\u00e9s<\/li>\n<li>nem motiv\u00e1ci\u00f3s technik\u00e1kra \u00e9p\u00fcl<\/li>\n<\/ul>\n<p>Hanem:<\/p>\n<ul>\n<li><strong>bels\u0151 d\u00f6nt\u00e9si \u00e9s \u00e9rzelmi strukt\u00far\u00e1kat<\/strong> vizsg\u00e1l<\/li>\n<li>figyelembe veszi az idegrendszeri tanul\u00e1st (neuroplaszticit\u00e1s)<\/li>\n<\/ul>\n<ul>\n<li>identit\u00e1s- \u00e9s szerepszinten dolgozik<\/li>\n<\/ul>\n<p>Ez\u00e9rt alkalmas:<\/p>\n<ul>\n<li>\u00e9letv\u00e1lt\u00e1sra<\/li>\n<li>ki\u00e9g\u00e9s ut\u00e1ni \u00fajra\u00e9p\u00edtkez\u00e9sre<\/li>\n<li>vesztes\u00e9gek integr\u00e1l\u00e1s\u00e1ra<\/li>\n<li>m\u00e9lyebb, tart\u00f3s v\u00e1ltoz\u00e1sra<\/li>\n<\/ul>\n[\/vc_column_text][\/toggle][toggle color=&#8221;Extra-Color-1&#8243; heading_tag=&#8221;h4&#8243; heading_tag_functionality=&#8221;default&#8221; title=&#8221;Milyen ter\u00fcleteken lehet veled dolgozni?&#8221;][vc_column_text css=&#8221;&#8221; text_direction=&#8221;default&#8221;]<strong>A leggyakoribb t\u00e9m\u00e1k:<\/strong><\/p>\n<ul>\n<li>\u00e9let- \u00e9s karrierv\u00e1lt\u00e1s, p\u00e1lyam\u00f3dos\u00edt\u00e1s<\/li>\n<li>vezet\u0151i \u00e9s szervezeti v\u00e1ltoz\u00e1s<\/li>\n<li>ki\u00e9g\u00e9s, t\u00falterhelts\u00e9g, \u00f6nszab\u00e1lyoz\u00e1s<\/li>\n<li>kapcsolati \u00e9s p\u00e1rkapcsolati dinamika<\/li>\n<li>sz\u00fcl\u0151\u2013gyermek \u00e9s serd\u00fcl\u0151kori kih\u00edv\u00e1sok<\/li>\n<li>gy\u00e1sz, vesztes\u00e9gek \u00e9s \u00e9letfordul\u00f3k feldolgoz\u00e1sa<\/li>\n<li>\u00faj szok\u00e1sok, \u00faj gondolkod\u00e1s, j\u00f6v\u0151\u00e9p\u00edt\u00e9s<\/li>\n<\/ul>\n<p>Minden esetben <strong>nem orvosi, t\u00e1mogat\u00f3 keretben<\/strong>.[\/vc_column_text][\/toggle][toggle color=&#8221;Extra-Color-1&#8243; heading_tag=&#8221;h4&#8243; heading_tag_functionality=&#8221;default&#8221; title=&#8221;Dolgozol serd\u00fcl\u0151kkel \u00e9s csal\u00e1dokkal is?&#8221;][vc_column_text css=&#8221;&#8221; text_direction=&#8221;default&#8221;]Igen, <strong>nem ter\u00e1pi\u00e1s jelleggel<\/strong>.<\/p>\n<p>Serd\u00fcl\u0151kkel \u00e9s csal\u00e1dokkal:<\/p>\n<ul>\n<li>\u00e9rzelmi tudatoss\u00e1g<\/li>\n<li>\u00f6n\u00e9rt\u00e9kel\u00e9s<\/li>\n<li>kommunik\u00e1ci\u00f3<\/li>\n<li>szerepek \u00e9s hat\u00e1rok<\/li>\n<li>bels\u0151 biztons\u00e1g<\/li>\n<\/ul>\n<p>ment\u00e9n dolgozom, mindig <strong>a sz\u00fcl\u0151kkel egy\u00fcttm\u0171k\u00f6d\u00e9sben<\/strong>, etikus \u00e9s biztons\u00e1gos keretek k\u00f6z\u00f6tt.[\/vc_column_text][\/toggle][toggle color=&#8221;Extra-Color-1&#8243; heading_tag=&#8221;h4&#8243; heading_tag_functionality=&#8221;default&#8221; title=&#8221;Mi t\u00f6rt\u00e9nik, ha gy\u00e1szban vagy nagy vesztes\u00e9g ut\u00e1n kereslek meg?&#8221;][vc_column_text css=&#8221;&#8221; text_direction=&#8221;default&#8221;]A gy\u00e1sz \u00e9s vesztes\u00e9g <strong>nem betegs\u00e9g<\/strong>, hanem term\u00e9szetes, de m\u00e9lyen megterhel\u0151 \u00e9lettapasztalat.<\/p>\n<p>A munk\u00e1m ebben az esetben:<\/p>\n<ul>\n<li>nem a \u201etov\u00e1bb l\u00e9p\u00e9sr\u0151l\u201d sz\u00f3l<\/li>\n<li>nem siettet<\/li>\n<li>nem a felejt\u00e9st c\u00e9lozza<\/li>\n<\/ul>\n<p>Hanem a vesztes\u00e9g <strong>bels\u0151 integr\u00e1l\u00e1s\u00e1t<\/strong>, az \u00e9rzelmi t\u00falterhel\u00e9s cs\u00f6kkent\u00e9s\u00e9t \u00e9s az \u00faj \u00e9letszakasz lass\u00fa fel\u00e9p\u00edt\u00e9s\u00e9t t\u00e1mogatja.[\/vc_column_text][\/toggle][toggle color=&#8221;Extra-Color-1&#8243; heading_tag=&#8221;h4&#8243; heading_tag_functionality=&#8221;default&#8221; title=&#8221;Foglalkozol f\u00fcgg\u0151s\u00e9gekkel?&#8221;][vc_column_text css=&#8221;&#8221; text_direction=&#8221;default&#8221;]<strong>Nem ter\u00e1pi\u00e1s \u00e9rtelemben.<\/strong><\/p>\n<p>A f\u00f3kusz:<\/p>\n<ul>\n<li>szok\u00e1sok<\/li>\n<li>automatikus viselked\u00e9si mint\u00e1k<\/li>\n<li>stressz\u2013jutalom ciklusok<\/li>\n<li>\u00f6nszab\u00e1lyoz\u00e1s<\/li>\n<\/ul>\n<p>Ha klinikai f\u00fcgg\u0151s\u00e9g gyan\u00faja mer\u00fcl fel, megfelel\u0151 szakember bevon\u00e1sa sz\u00fcks\u00e9ges.[\/vc_column_text][\/toggle][toggle color=&#8221;Extra-Color-1&#8243; heading_tag=&#8221;h4&#8243; heading_tag_functionality=&#8221;default&#8221; title=&#8221;Mi t\u00f6rt\u00e9nik, ha k\u00f6zben kider\u00fcl, hogy ter\u00e1pi\u00e1ra lenne sz\u00fcks\u00e9gem?&#8221;][vc_column_text css=&#8221;&#8221; text_direction=&#8221;default&#8221;]Ez egy fontos \u00e9s felel\u0151s k\u00e9rd\u00e9s.<\/p>\n<p>Amennyiben azt \u00e9rz\u00e9kelem, hogy az adott helyzet:<\/p>\n<ul>\n<li>meghaladja a nem orvosi t\u00e1mogat\u00e1s kereteit<\/li>\n<li>klinikai ell\u00e1t\u00e1st ig\u00e9nyel<\/li>\n<\/ul>\n<p>akkor <strong>\u0151szint\u00e9n \u00e9s felel\u0151ss\u00e9ggel jelzem<\/strong>, \u00e9s sz\u00fcks\u00e9g eset\u00e9n megfelel\u0151 szakemberhez ir\u00e1ny\u00edtok tov\u00e1bb.<\/p>\n<p>Ez nem kudarc, hanem <strong>biztons\u00e1gi \u00e9s etikai alapelv<\/strong>.[\/vc_column_text][\/toggle][toggle color=&#8221;Extra-Color-1&#8243; heading_tag=&#8221;h4&#8243; heading_tag_functionality=&#8221;default&#8221; title=&#8221;Mennyire gyors ez a folyamat?&#8221;][vc_column_text css=&#8221;&#8221; text_direction=&#8221;default&#8221;]Ez nem \u201egyorsjav\u00edt\u00e1s\u201d.<\/p>\n<p>A v\u00e1ltoz\u00e1s:<\/p>\n<ul>\n<li>tanul\u00e1si folyamat<\/li>\n<li>idegrendszeri alkalmazkod\u00e1s<\/li>\n<li>bels\u0151 \u00e9r\u00e9si \u00fat<\/li>\n<\/ul>\n<p>Vannak felismer\u00e9sek, amelyek gyorsak \u2013 \u00e9s vannak v\u00e1ltoz\u00e1sok, amelyek <strong>id\u0151t \u00e9s integr\u00e1ci\u00f3t ig\u00e9nyelnek<\/strong>.[\/vc_column_text][\/toggle][toggle color=&#8221;Extra-Color-1&#8243; heading_tag=&#8221;h4&#8243; heading_tag_functionality=&#8221;default&#8221; title=&#8221;Kinek nem aj\u00e1nlott ez a megk\u00f6zel\u00edt\u00e9s?&#8221;][vc_column_text css=&#8221;&#8221; text_direction=&#8221;default&#8221;]Nem aj\u00e1nlott:<\/p>\n<ul>\n<li>akut pszich\u00e9s kr\u00edzis eset\u00e9n<\/li>\n<li>s\u00falyos depresszi\u00f3, p\u00e1nik, \u00f6ngyilkoss\u00e1gi gondolatok fenn\u00e1ll\u00e1sakor<\/li>\n<li>diagn\u00f3zist, ter\u00e1pi\u00e1t vagy gy\u00f3gyszeres kezel\u00e9st keres\u0151knek<\/li>\n<li>azoknak, akik nem szeretn\u00e9nek akt\u00edvan r\u00e9szt venni a saj\u00e1t folyamatukban<\/li>\n<\/ul>\n<p>Ilyen helyzetekben eg\u00e9szs\u00e9g\u00fcgyi szakember felkeres\u00e9se sz\u00fcks\u00e9ges.[\/vc_column_text][\/toggle][toggle color=&#8221;Extra-Color-1&#8243; heading_tag=&#8221;h4&#8243; heading_tag_functionality=&#8221;default&#8221; title=&#8221;Mit v\u00e1rsz el a k\u00f6z\u00f6s munk\u00e1ban?&#8221;][vc_column_text css=&#8221;&#8221; text_direction=&#8221;default&#8221;]\n<ul>\n<li>nyitotts\u00e1got<\/li>\n<li>\u00f6nreflexi\u00f3t<\/li>\n<li>\u0151szintes\u00e9get<\/li>\n<li>felel\u0151ss\u00e9gv\u00e1llal\u00e1st<\/li>\n<\/ul>\n<p>Nem t\u00f6k\u00e9letess\u00e9get, nem \u201ek\u00e9sz v\u00e1laszokat\u201d.[\/vc_column_text][\/toggle][toggle color=&#8221;Extra-Color-1&#8243; heading_tag=&#8221;h4&#8243; heading_tag_functionality=&#8221;default&#8221; title=&#8221;Mit kapok ett\u0151l a folyamatt\u00f3l?&#8221;][vc_column_text css=&#8221;&#8221; text_direction=&#8221;default&#8221;]Nem \u00edg\u00e9rek gyors megold\u00e1sokat.<br \/>\nAmit igen:<\/p>\n<ul>\n<li style=\"list-style-type: none;\">\n<ul>\n<li>nagyobb bels\u0151 tisztas\u00e1g<\/li>\n<li>jobb \u00f6nszab\u00e1lyoz\u00e1s<\/li>\n<li>tudatosabb d\u00f6nt\u00e9sek<\/li>\n<li>stabilabb \u00e9rzelmi m\u0171k\u00f6d\u00e9s<\/li>\n<li>olyan bels\u0151 alap, amelyre az \u00faj \u00e9lethelyzetek fel\u00e9p\u00edthet\u0151k<\/li>\n<\/ul>\n<\/li>\n<\/ul>\n[\/vc_column_text][\/toggle][\/toggles][\/vc_column][\/vc_row]\n","protected":false},"excerpt":{"rendered":"<p>[vc_row type=&#8221;in_container&#8221; full_screen_row_position=&#8221;middle&#8221; column_margin=&#8221;default&#8221; column_direction=&#8221;default&#8221; column_direction_tablet=&#8221;default&#8221; column_direction_phone=&#8221;default&#8221; scene_position=&#8221;center&#8221; text_color=&#8221;dark&#8221; text_align=&#8221;left&#8221; row_border_radius=&#8221;none&#8221; row_border_radius_applies=&#8221;bg&#8221; row_position_desktop=&#8221;default&#8221; row_position_tablet=&#8221;inherit&#8221; row_position_phone=&#8221;inherit&#8221; overflow=&#8221;visible&#8221; overlay_strength=&#8221;0.3&#8243; gradient_direction=&#8221;left_to_right&#8221; shape_divider_position=&#8221;bottom&#8221; bg_image_animation=&#8221;none&#8221;][vc_column column_padding=&#8221;no-extra-padding&#8221; column_padding_tablet=&#8221;inherit&#8221; column_padding_phone=&#8221;inherit&#8221; column_padding_position=&#8221;all&#8221; flex_gap_desktop=&#8221;10px&#8221; column_element_direction_desktop=&#8221;default&#8221; column_element_spacing=&#8221;default&#8221; desktop_text_alignment=&#8221;default&#8221; tablet_text_alignment=&#8221;default&#8221; phone_text_alignment=&#8221;default&#8221;&#8230;<\/p>\n","protected":false},"author":1,"featured_media":2704,"parent":0,"menu_order":0,"comment_status":"closed","ping_status":"closed","template":"","meta":{"footnotes":""},"class_list":["post-2699","page","type-page","status-publish","has-post-thumbnail"],"yoast_head":"<!-- This site is optimized with the Yoast SEO plugin v27.4 - https:\/\/yoast.com\/product\/yoast-seo-wordpress\/ -->\n<title>Gyakran Ism\u00e9telt K\u00e9rd\u00e9sek (GYIK) - S. Toth Marta - Human Performance &amp; Wellbeing Strategist<\/title>\n<meta name=\"description\" content=\"Gyakran ism\u00e9telt k\u00e9rd\u00e9sek (GYIK) S. T\u00f3th M\u00e1rta szolg\u00e1ltat\u00e1sair\u00f3l: NLP- \u00e9s neuro-alap\u00fa folyamatok, k\u00fcl\u00f6nbs\u00e9gek, mit v\u00e1rhatsz \u00e9s mi nem ter\u00e1pia.\" \/>\n<meta name=\"robots\" content=\"index, follow, max-snippet:-1, max-image-preview:large, max-video-preview:-1\" \/>\n<link rel=\"canonical\" href=\"http:\/\/www.stothmarta.com\/hu\/gyakran-ismetelt-kerdesek-gyik\/\" \/>\n<meta property=\"og:locale\" content=\"en_US\" \/>\n<meta property=\"og:type\" content=\"article\" \/>\n<meta property=\"og:title\" content=\"Gyakran Ism\u00e9telt K\u00e9rd\u00e9sek (GYIK) - S. Toth Marta - Human Performance &amp; Wellbeing Strategist\" \/>\n<meta property=\"og:description\" content=\"Gyakran ism\u00e9telt k\u00e9rd\u00e9sek (GYIK) S. T\u00f3th M\u00e1rta szolg\u00e1ltat\u00e1sair\u00f3l: NLP- \u00e9s neuro-alap\u00fa folyamatok, k\u00fcl\u00f6nbs\u00e9gek, mit v\u00e1rhatsz \u00e9s mi nem ter\u00e1pia.\" \/>\n<meta property=\"og:url\" content=\"http:\/\/www.stothmarta.com\/hu\/gyakran-ismetelt-kerdesek-gyik\/\" \/>\n<meta property=\"og:site_name\" content=\"S. Toth Marta - Human Performance &amp; Wellbeing Strategist\" \/>\n<meta property=\"article:modified_time\" content=\"2026-01-29T10:28:31+00:00\" \/>\n<meta property=\"og:image\" content=\"http:\/\/www.stothmarta.com\/hu\/wp-content\/uploads\/sites\/4\/2026\/01\/cover-website-GYIK.jpg\" \/>\n\t<meta property=\"og:image:width\" content=\"1920\" \/>\n\t<meta property=\"og:image:height\" content=\"1080\" \/>\n\t<meta property=\"og:image:type\" content=\"image\/jpeg\" \/>\n<meta name=\"twitter:card\" content=\"summary_large_image\" \/>\n<meta name=\"twitter:label1\" content=\"Est. reading time\" \/>\n\t<meta name=\"twitter:data1\" content=\"2 minutes\" \/>\n<script type=\"application\/ld+json\" class=\"yoast-schema-graph\">{\"@context\":\"https:\\\/\\\/schema.org\",\"@graph\":[{\"@type\":\"WebPage\",\"@id\":\"http:\\\/\\\/www.stothmarta.com\\\/hu\\\/gyakran-ismetelt-kerdesek-gyik\\\/\",\"url\":\"http:\\\/\\\/www.stothmarta.com\\\/hu\\\/gyakran-ismetelt-kerdesek-gyik\\\/\",\"name\":\"Gyakran Ism\u00e9telt K\u00e9rd\u00e9sek (GYIK) - S. Toth Marta - Human Performance &amp; Wellbeing Strategist\",\"isPartOf\":{\"@id\":\"http:\\\/\\\/www.stothmarta.com\\\/hu\\\/#website\"},\"primaryImageOfPage\":{\"@id\":\"http:\\\/\\\/www.stothmarta.com\\\/hu\\\/gyakran-ismetelt-kerdesek-gyik\\\/#primaryimage\"},\"image\":{\"@id\":\"http:\\\/\\\/www.stothmarta.com\\\/hu\\\/gyakran-ismetelt-kerdesek-gyik\\\/#primaryimage\"},\"thumbnailUrl\":\"http:\\\/\\\/www.stothmarta.com\\\/hu\\\/wp-content\\\/uploads\\\/sites\\\/4\\\/2026\\\/01\\\/cover-website-GYIK.jpg\",\"datePublished\":\"2026-01-29T10:27:11+00:00\",\"dateModified\":\"2026-01-29T10:28:31+00:00\",\"description\":\"Gyakran ism\u00e9telt k\u00e9rd\u00e9sek (GYIK) S. T\u00f3th M\u00e1rta szolg\u00e1ltat\u00e1sair\u00f3l: NLP- \u00e9s neuro-alap\u00fa folyamatok, k\u00fcl\u00f6nbs\u00e9gek, mit v\u00e1rhatsz \u00e9s mi nem ter\u00e1pia.\",\"breadcrumb\":{\"@id\":\"http:\\\/\\\/www.stothmarta.com\\\/hu\\\/gyakran-ismetelt-kerdesek-gyik\\\/#breadcrumb\"},\"inLanguage\":\"en-US\",\"potentialAction\":[{\"@type\":\"ReadAction\",\"target\":[\"http:\\\/\\\/www.stothmarta.com\\\/hu\\\/gyakran-ismetelt-kerdesek-gyik\\\/\"]}]},{\"@type\":\"ImageObject\",\"inLanguage\":\"en-US\",\"@id\":\"http:\\\/\\\/www.stothmarta.com\\\/hu\\\/gyakran-ismetelt-kerdesek-gyik\\\/#primaryimage\",\"url\":\"http:\\\/\\\/www.stothmarta.com\\\/hu\\\/wp-content\\\/uploads\\\/sites\\\/4\\\/2026\\\/01\\\/cover-website-GYIK.jpg\",\"contentUrl\":\"http:\\\/\\\/www.stothmarta.com\\\/hu\\\/wp-content\\\/uploads\\\/sites\\\/4\\\/2026\\\/01\\\/cover-website-GYIK.jpg\",\"width\":1920,\"height\":1080},{\"@type\":\"BreadcrumbList\",\"@id\":\"http:\\\/\\\/www.stothmarta.com\\\/hu\\\/gyakran-ismetelt-kerdesek-gyik\\\/#breadcrumb\",\"itemListElement\":[{\"@type\":\"ListItem\",\"position\":1,\"name\":\"Home\",\"item\":\"http:\\\/\\\/www.stothmarta.com\\\/hu\\\/\"},{\"@type\":\"ListItem\",\"position\":2,\"name\":\"Gyakran Ism\u00e9telt K\u00e9rd\u00e9sek (GYIK)\"}]},{\"@type\":\"WebSite\",\"@id\":\"http:\\\/\\\/www.stothmarta.com\\\/hu\\\/#website\",\"url\":\"http:\\\/\\\/www.stothmarta.com\\\/hu\\\/\",\"name\":\"S. Toth Marta - Human Performance &amp; Wellbeing Strategist\",\"description\":\"Mert a fenntarthat\u00f3 teljes\u00edtm\u00e9ny az emberi elm\u00e9ben kezd\u0151dik.\",\"potentialAction\":[{\"@type\":\"SearchAction\",\"target\":{\"@type\":\"EntryPoint\",\"urlTemplate\":\"http:\\\/\\\/www.stothmarta.com\\\/hu\\\/?s={search_term_string}\"},\"query-input\":{\"@type\":\"PropertyValueSpecification\",\"valueRequired\":true,\"valueName\":\"search_term_string\"}}],\"inLanguage\":\"en-US\"}]}<\/script>\n<!-- \/ Yoast SEO plugin. -->","yoast_head_json":{"title":"Gyakran Ism\u00e9telt K\u00e9rd\u00e9sek (GYIK) - S. Toth Marta - Human Performance &amp; Wellbeing Strategist","description":"Gyakran ism\u00e9telt k\u00e9rd\u00e9sek (GYIK) S. T\u00f3th M\u00e1rta szolg\u00e1ltat\u00e1sair\u00f3l: NLP- \u00e9s neuro-alap\u00fa folyamatok, k\u00fcl\u00f6nbs\u00e9gek, mit v\u00e1rhatsz \u00e9s mi nem ter\u00e1pia.","robots":{"index":"index","follow":"follow","max-snippet":"max-snippet:-1","max-image-preview":"max-image-preview:large","max-video-preview":"max-video-preview:-1"},"canonical":"http:\/\/www.stothmarta.com\/hu\/gyakran-ismetelt-kerdesek-gyik\/","og_locale":"en_US","og_type":"article","og_title":"Gyakran Ism\u00e9telt K\u00e9rd\u00e9sek (GYIK) - S. Toth Marta - Human Performance &amp; Wellbeing Strategist","og_description":"Gyakran ism\u00e9telt k\u00e9rd\u00e9sek (GYIK) S. T\u00f3th M\u00e1rta szolg\u00e1ltat\u00e1sair\u00f3l: NLP- \u00e9s neuro-alap\u00fa folyamatok, k\u00fcl\u00f6nbs\u00e9gek, mit v\u00e1rhatsz \u00e9s mi nem ter\u00e1pia.","og_url":"http:\/\/www.stothmarta.com\/hu\/gyakran-ismetelt-kerdesek-gyik\/","og_site_name":"S. Toth Marta - Human Performance &amp; Wellbeing Strategist","article_modified_time":"2026-01-29T10:28:31+00:00","og_image":[{"width":1920,"height":1080,"url":"http:\/\/www.stothmarta.com\/hu\/wp-content\/uploads\/sites\/4\/2026\/01\/cover-website-GYIK.jpg","type":"image\/jpeg"}],"twitter_card":"summary_large_image","twitter_misc":{"Est. reading time":"2 minutes"},"schema":{"@context":"https:\/\/schema.org","@graph":[{"@type":"WebPage","@id":"http:\/\/www.stothmarta.com\/hu\/gyakran-ismetelt-kerdesek-gyik\/","url":"http:\/\/www.stothmarta.com\/hu\/gyakran-ismetelt-kerdesek-gyik\/","name":"Gyakran Ism\u00e9telt K\u00e9rd\u00e9sek (GYIK) - S. Toth Marta - Human Performance &amp; Wellbeing Strategist","isPartOf":{"@id":"http:\/\/www.stothmarta.com\/hu\/#website"},"primaryImageOfPage":{"@id":"http:\/\/www.stothmarta.com\/hu\/gyakran-ismetelt-kerdesek-gyik\/#primaryimage"},"image":{"@id":"http:\/\/www.stothmarta.com\/hu\/gyakran-ismetelt-kerdesek-gyik\/#primaryimage"},"thumbnailUrl":"http:\/\/www.stothmarta.com\/hu\/wp-content\/uploads\/sites\/4\/2026\/01\/cover-website-GYIK.jpg","datePublished":"2026-01-29T10:27:11+00:00","dateModified":"2026-01-29T10:28:31+00:00","description":"Gyakran ism\u00e9telt k\u00e9rd\u00e9sek (GYIK) S. T\u00f3th M\u00e1rta szolg\u00e1ltat\u00e1sair\u00f3l: NLP- \u00e9s neuro-alap\u00fa folyamatok, k\u00fcl\u00f6nbs\u00e9gek, mit v\u00e1rhatsz \u00e9s mi nem ter\u00e1pia.","breadcrumb":{"@id":"http:\/\/www.stothmarta.com\/hu\/gyakran-ismetelt-kerdesek-gyik\/#breadcrumb"},"inLanguage":"en-US","potentialAction":[{"@type":"ReadAction","target":["http:\/\/www.stothmarta.com\/hu\/gyakran-ismetelt-kerdesek-gyik\/"]}]},{"@type":"ImageObject","inLanguage":"en-US","@id":"http:\/\/www.stothmarta.com\/hu\/gyakran-ismetelt-kerdesek-gyik\/#primaryimage","url":"http:\/\/www.stothmarta.com\/hu\/wp-content\/uploads\/sites\/4\/2026\/01\/cover-website-GYIK.jpg","contentUrl":"http:\/\/www.stothmarta.com\/hu\/wp-content\/uploads\/sites\/4\/2026\/01\/cover-website-GYIK.jpg","width":1920,"height":1080},{"@type":"BreadcrumbList","@id":"http:\/\/www.stothmarta.com\/hu\/gyakran-ismetelt-kerdesek-gyik\/#breadcrumb","itemListElement":[{"@type":"ListItem","position":1,"name":"Home","item":"http:\/\/www.stothmarta.com\/hu\/"},{"@type":"ListItem","position":2,"name":"Gyakran Ism\u00e9telt K\u00e9rd\u00e9sek (GYIK)"}]},{"@type":"WebSite","@id":"http:\/\/www.stothmarta.com\/hu\/#website","url":"http:\/\/www.stothmarta.com\/hu\/","name":"S. Toth Marta - Human Performance &amp; Wellbeing Strategist","description":"Mert a fenntarthat\u00f3 teljes\u00edtm\u00e9ny az emberi elm\u00e9ben kezd\u0151dik.","potentialAction":[{"@type":"SearchAction","target":{"@type":"EntryPoint","urlTemplate":"http:\/\/www.stothmarta.com\/hu\/?s={search_term_string}"},"query-input":{"@type":"PropertyValueSpecification","valueRequired":true,"valueName":"search_term_string"}}],"inLanguage":"en-US"}]}},"_links":{"self":[{"href":"http:\/\/www.stothmarta.com\/hu\/wp-json\/wp\/v2\/pages\/2699","targetHints":{"allow":["GET"]}}],"collection":[{"href":"http:\/\/www.stothmarta.com\/hu\/wp-json\/wp\/v2\/pages"}],"about":[{"href":"http:\/\/www.stothmarta.com\/hu\/wp-json\/wp\/v2\/types\/page"}],"author":[{"embeddable":true,"href":"http:\/\/www.stothmarta.com\/hu\/wp-json\/wp\/v2\/users\/1"}],"replies":[{"embeddable":true,"href":"http:\/\/www.stothmarta.com\/hu\/wp-json\/wp\/v2\/comments?post=2699"}],"version-history":[{"count":4,"href":"http:\/\/www.stothmarta.com\/hu\/wp-json\/wp\/v2\/pages\/2699\/revisions"}],"predecessor-version":[{"id":2703,"href":"http:\/\/www.stothmarta.com\/hu\/wp-json\/wp\/v2\/pages\/2699\/revisions\/2703"}],"wp:featuredmedia":[{"embeddable":true,"href":"http:\/\/www.stothmarta.com\/hu\/wp-json\/wp\/v2\/media\/2704"}],"wp:attachment":[{"href":"http:\/\/www.stothmarta.com\/hu\/wp-json\/wp\/v2\/media?parent=2699"}],"curies":[{"name":"wp","href":"https:\/\/api.w.org\/{rel}","templated":true}]}}